{"id":40423,"date":"2022-08-01T16:12:32","date_gmt":"2022-08-01T14:12:32","guid":{"rendered":"https:\/\/gerda.pl\/?page_id=40423"},"modified":"2023-03-29T08:06:17","modified_gmt":"2023-03-29T06:06:17","slug":"domov","status":"publish","type":"page","link":"https:\/\/gerda.pl\/cs\/","title":{"rendered":"Domov"},"content":{"rendered":"<div class=\"slider owl-carousel owl-theme\">\n            <a class=\"item\"  href=\"https:\/\/gerda.pl\/cs\/produkt\/zamky-na-kola\/\"\n            >\n            <div class=\"text-container\">\n                <div class=\"container\">\n                    <div class=\"row\">\n                        <div class=\"col-12\">\n                            <div class=\"box left-top\">\n                                <p class=\"slider__title\"> Z\u00e1mky na j\u00edzdn\u00ed kola<\/p>\n                                <p>Vyberte si sv\u016fj odoln\u00fd a pohodln\u00fd z\u00e1mek na kolo<\/p>\n                                <span class=\"arrow\"><img decoding=\"async\" src=\"https:\/\/gerda.pl\/wp-content\/themes\/gerda\/assets\/svg\/arrow-white.svg\" class=\" Z\u00e1mky na j\u00edzdn\u00ed kola\"><\/span>\n                            <\/div>\n                        <\/div>\n                    <\/div>\n                <\/div>\n            <\/div>\n            <img decoding=\"async\" src=\"https:\/\/gerda.pl\/wp-content\/uploads\/2022\/09\/SLIDER_WWW_ZAPIECIA-ROWEROWE_CS.jpg\" alt=\" Z\u00e1mky na j\u00edzdn\u00ed kola\">\n        <\/a>\n                <a class=\"item\"  href=\"https:\/\/gerda.pl\/cs\/produkt\/drzwi-do-domow\/\"\n            >\n            <div class=\"text-container\">\n                <div class=\"container\">\n                    <div class=\"row\">\n                        <div class=\"col-12\">\n                            <div class=\"box left-bottom\">\n                                <p class=\"slider__title\">Pod\u00edvejte se na na\u0161e energeticky \u00fasporn\u00e9 dve\u0159e pro v\u00e1\u0161 domov<\/p>\n                                <p>Domovn\u00ed dve\u0159e Gerda v\u00fdrazn\u011b sni\u017euj\u00ed tepeln\u00e9 ztr\u00e1ty<\/p>\n                                <span class=\"arrow\"><img decoding=\"async\" src=\"https:\/\/gerda.pl\/wp-content\/themes\/gerda\/assets\/svg\/arrow-white.svg\" class=\"Pod\u00edvejte se na na\u0161e energeticky \u00fasporn\u00e9 dve\u0159e pro v\u00e1\u0161 domov\"><\/span>\n                            <\/div>\n                        <\/div>\n                    <\/div>\n                <\/div>\n            <\/div>\n            <img decoding=\"async\" src=\"https:\/\/gerda.pl\/wp-content\/uploads\/2021\/10\/Czyste-powietrze.jpg\" alt=\"Pod\u00edvejte se na na\u0161e energeticky \u00fasporn\u00e9 dve\u0159e pro v\u00e1\u0161 domov\">\n        <\/a>\n                <a class=\"item\"  href=\"https:\/\/gerda.pl\/cs\/produkt\/drzwi-do-mieszkan\/\"\n            target=\"_blank\">\n            <div class=\"text-container\">\n                <div class=\"container\">\n                    <div class=\"row\">\n                        <div class=\"col-12\">\n                            <div class=\"box left-top\">\n                                <p class=\"slider__title\">Nov\u00e1 nab\u00eddka bytov\u00fdch dve\u0159\u00ed<\/p>\n                                <p>Vyberte si dve\u0159e z modern\u00edch \u0159ad Comfort, Premium a Star<\/p>\n                                <span class=\"arrow\"><img decoding=\"async\" src=\"https:\/\/gerda.pl\/wp-content\/themes\/gerda\/assets\/svg\/arrow-white.svg\" class=\"Nov\u00e1 nab\u00eddka bytov\u00fdch dve\u0159\u00ed\"><\/span>\n                            <\/div>\n                        <\/div>\n                    <\/div>\n                <\/div>\n            <\/div>\n            <img decoding=\"async\" src=\"https:\/\/gerda.pl\/wp-content\/uploads\/2021\/10\/Drzwi-do-mieszkan.jpg\" alt=\"Nov\u00e1 nab\u00eddka bytov\u00fdch dve\u0159\u00ed\">\n        <\/a>\n                <a class=\"item\"  href=\"https:\/\/gerda.pl\/cs\/tedee\/\"\n            >\n            <div class=\"text-container\">\n                <div class=\"container\">\n                    <div class=\"row\">\n                        <div class=\"col-12\">\n                            <div class=\"box left-top\">\n                                <p class=\"slider__title\">Z\u00e1mek tedee<\/p>\n                                <p>Inovativn\u00ed a inteligentn\u00ed z\u00e1mek tedee poh\u00e1n\u011bn\u00fd Gerdou<\/p>\n                                <span class=\"arrow\"><img decoding=\"async\" src=\"https:\/\/gerda.pl\/wp-content\/themes\/gerda\/assets\/svg\/arrow-white.svg\" class=\"Z\u00e1mek tedee\"><\/span>\n                            <\/div>\n                        <\/div>\n                    <\/div>\n                <\/div>\n            <\/div>\n            <img decoding=\"async\" src=\"https:\/\/gerda.pl\/wp-content\/uploads\/2022\/09\/SLIDER_WWW_tedee_CS.jpg\" alt=\"Z\u00e1mek tedee\">\n        <\/a>\n        <\/div>\n\n\n<div class=\"offer-container\">\n    <div class=\"container \">\n        <div class=\"row\">\n            <div class=\"col-12 offer-title\">\n                                    <p class=\"h1-title\"> Na\u0161e nab\u00eddka<\/p>\n                                <\/div>\n            <div class=\"col-12\">\n                <div class=\"offer\" \">\n                                            <a class=\"item\" href=\"https:\/\/gerda.pl\/cs\/produkt\/drzwi-do-domow\/\">\n                            <img decoding=\"async\" src=\"https:\/\/gerda.pl\/wp-content\/uploads\/2021\/09\/Drzwi_do_domu.png\" alt=\"Dve\u0159e do domu\">\n                            <p class=\"page__offer--item\">Dve\u0159e do domu<\/p>\n                        <\/a>\n                                                <a class=\"item\" href=\"https:\/\/gerda.pl\/cs\/produkt\/drzwi-do-mieszkan\/\">\n                            <img decoding=\"async\" src=\"https:\/\/gerda.pl\/wp-content\/uploads\/2021\/09\/Drzwi_do_mieszkan.png\" alt=\"Dve\u0159e do byt\u016f\">\n                            <p class=\"page__offer--item\">Dve\u0159e do byt\u016f<\/p>\n                        <\/a>\n                                                <a class=\"item\" href=\"https:\/\/gerda.pl\/cs\/produkt\/zamki-klodki-i-okucia\/\">\n                            <img decoding=\"async\" src=\"https:\/\/gerda.pl\/wp-content\/uploads\/2021\/10\/Zamki-i-okucia.png\" alt=\"Z\u00e1mky a kov\u00e1n\u00ed\">\n                            <p class=\"page__offer--item\">Z\u00e1mky a kov\u00e1n\u00ed<\/p>\n                        <\/a>\n                                                <a class=\"item\" href=\"https:\/\/gerda.pl\/cs\/produkt\/zamky-na-kola\/\">\n                            <img decoding=\"async\" src=\"https:\/\/gerda.pl\/wp-content\/uploads\/2021\/09\/Akcesoria.png\" alt=\"Z\u00e1mky na kola\">\n                            <p class=\"page__offer--item\">Z\u00e1mky na kola<\/p>\n                        <\/a>\n                                                <a class=\"item\" href=\"https:\/\/gerda.pl\/cs\/tedee\/\">\n                            <img decoding=\"async\" src=\"https:\/\/gerda.pl\/wp-content\/uploads\/2021\/10\/Inteligentny-zamek-1.png\" alt=\"Chytr\u00fd z\u00e1mek\">\n                            <p class=\"page__offer--item\">Chytr\u00fd z\u00e1mek<\/p>\n                        <\/a>\n                                        <\/div>\n            <\/div>\n        <\/div>\n    <\/div>\n<\/div>\n\n\n    <div class=\"promo-container white\">\n        <div class=\"container\">\n                            <div class=\"row\">\n                    <div class=\"col-12 offer-title\">\n                        <p class=\"page__promo--title\">Novinky a akce<\/p>\n                    <\/div>\n                <\/div>\n                            <div class=\"row\">\n                                    <div class=\"col-12 col-md-6 second\">\n                        <a  class=\"promo\">\n                            <img decoding=\"async\" src=\"https:\/\/gerda.pl\/wp-content\/uploads\/2022\/09\/promo_CS.jpg\" alt=\"Otv\u00edrejte a zav\u00edrejte dve\u0159e pomoc\u00ed smartphonu a sd\u00edlejte kl\u00ed\u010de na d\u00e1lku!\">\n                            <h2>Otv\u00edrejte a zav\u00edrejte dve\u0159e pomoc\u00ed smartphonu a sd\u00edlejte kl\u00ed\u010de na d\u00e1lku!<\/h2>\n                            <p>U\u017e nepot\u0159ebujete tradi\u010dn\u00ed kl\u00ed\u010de, kter\u00e9 se hodn\u011b ztr\u00e1cej\u00ed. V\u0161e, co mus\u00edte ud\u011blat, je nainstalovat na\u0161i aplikaci na va\u0161e mobiln\u00ed za\u0159\u00edzen\u00ed pro otev\u00edr\u00e1n\u00ed a zav\u00edr\u00e1n\u00ed dve\u0159\u00ed.<\/p>\n                        <\/a>\n                    <\/div>\n                                        <div class=\"col-12 col-md-6 second\">\n                        <a  href=\"https:\/\/gerda.pl\/cs\/produkt\/drzwi-do-domow\/\"  class=\"promo\">\n                            <img decoding=\"async\" src=\"https:\/\/gerda.pl\/wp-content\/uploads\/2021\/09\/Box_-_skorzystaj_z_programu_czyste_powietrze.jpg\" alt=\"Pod\u00edvejte se na na\u0161e domovn\u00ed dve\u0159e\">\n                            <h2>Pod\u00edvejte se na na\u0161e domovn\u00ed dve\u0159e<\/h2>\n                            <p>Nov\u00e1 nab\u00eddka venkovn\u00edch dve\u0159\u00ed<\/p>\n                        <\/a>\n                    <\/div>\n                                        <div class=\"col-12 col-md-6 second\">\n                        <a  href=\"https:\/\/gerda.pl\/cs\/produkt\/zamky-na-kola\/\"  class=\"promo\">\n                            <img decoding=\"async\" src=\"https:\/\/gerda.pl\/wp-content\/uploads\/2021\/11\/Box-Zapiecia-rowerowe-2.jpg\" alt=\"Z\u00e1mky na kola\">\n                            <h2>Z\u00e1mky na kola<\/h2>\n                            <p>Zjistit v\u00edce<\/p>\n                        <\/a>\n                    <\/div>\n                                <\/div>\n        <\/div>\n    <\/div>\n    \n\n<div class=\"doors\">\n\t<div class=\"container\">\n\t\t<div class=\"row\">\n\t\t\t<div class=\"col-12 doors-title\">\n\t\t\t\t\t\t\t\t\t<p class=\"page__doors--title\">P\u0159izp\u016fsobte dve\u0159e sv\u00fdm pot\u0159eb\u00e1m<\/p>\n\t\t\t\t\t\t\t\t<p class=\"doors__subtitle\">\n\t\t\t\tDesigny dve\u0159\u00ed nab\u00edz\u00edme v 199 konfigurac\u00edch.\t\t\t\t<\/p>\n\t\t\t<\/div>\n\t\t<\/div>\n\t\t<div class=\"row\">\n\t\t\t\t\t\t\t<div class=\"col-12 col-md-4 box-door\">\n\t\t\t\t\t<p class=\"page__doors--item\"><a class=\"opt-door-link\" href=\"https:\/\/gerda.pl\/cs\/produkt\/drzwi-do-domow\/\">Dve\u0159e do domu<\/a><\/p>\n\t\t\t\t\t<a rel=\"nofollow\" href=\"https:\/\/gerda.pl\/cs\/produkt\/drzwi-do-domow\/\">\n\t\t\t\t\t\t<img decoding=\"async\" src=\"https:\/\/gerda.pl\/wp-content\/uploads\/2021\/09\/1._Drzwi_do_domow.jpeg.jpg\" alt=\"Dve\u0159e do domu\">\n\t\t\t\t\t<\/a>\n\t\t\t\t\t<p class=\"doors__description\">Bezpe\u010dnost a elegantn\u00ed design<\/p>\n\t\t\t\t\t<a rel=\"nofollow\" href=\"https:\/\/gerda.pl\/cs\/produkt\/drzwi-do-domow\/\" class=\"btn\">vid\u011bt v\u0161e<\/a>\n\t\t\t\t<\/div>\n\t\t\t\t\t\t\t<div class=\"col-12 col-md-4 box-door\">\n\t\t\t\t\t<p class=\"page__doors--item\"><a class=\"opt-door-link\" href=\"https:\/\/gerda.pl\/cs\/produkt\/drzwi-do-mieszkan\/\">Dve\u0159e do byt\u016f<\/a><\/p>\n\t\t\t\t\t<a rel=\"nofollow\" href=\"https:\/\/gerda.pl\/cs\/produkt\/drzwi-do-mieszkan\/\">\n\t\t\t\t\t\t<img decoding=\"async\" src=\"https:\/\/gerda.pl\/wp-content\/uploads\/2022\/01\/Star-Winchester-scaled.jpg\" alt=\"Dve\u0159e do byt\u016f\">\n\t\t\t\t\t<\/a>\n\t\t\t\t\t<p class=\"doors__description\">Vysok\u00e1 \u00farove\u0148 zvukov\u00e9 izolace<\/p>\n\t\t\t\t\t<a rel=\"nofollow\" href=\"https:\/\/gerda.pl\/cs\/produkt\/drzwi-do-mieszkan\/\" class=\"btn\">vid\u011bt v\u0161e<\/a>\n\t\t\t\t<\/div>\n\t\t\t\t\t\t\t<div class=\"col-12 col-md-4 box-door\">\n\t\t\t\t\t<p class=\"page__doors--item\"><a class=\"opt-door-link\" href=\"https:\/\/gerda.pl\/cs\/produkt\/drzwi-do-domow\/drzwi-aluminiowe\/altus\/\">Hlin\u00edkov\u00e9 dve\u0159e ALTUS<\/a><\/p>\n\t\t\t\t\t<a rel=\"nofollow\" href=\"https:\/\/gerda.pl\/cs\/produkt\/drzwi-do-domow\/drzwi-aluminiowe\/altus\/\">\n\t\t\t\t\t\t<img decoding=\"async\" src=\"https:\/\/gerda.pl\/wp-content\/uploads\/2022\/01\/GC3.jpg\" alt=\"Hlin\u00edkov\u00e9 dve\u0159e ALTUS\">\n\t\t\t\t\t<\/a>\n\t\t\t\t\t<p class=\"doors__description\">Energetick\u00e1 \u00fa\u010dinnost v cel\u00e9 sv\u00e9 kr\u00e1se<\/p>\n\t\t\t\t\t<a rel=\"nofollow\" href=\"https:\/\/gerda.pl\/cs\/produkt\/drzwi-do-domow\/drzwi-aluminiowe\/altus\/\" class=\"btn\">vid\u011bt v\u0161e<\/a>\n\t\t\t\t<\/div>\n\t\t\t\t\t<\/div>\n\t<\/div>\n<\/div>\n\n\n<div class=\"tedee \">\t<div class=\"img\" style=\"background-image: url('https:\/\/gerda.pl\/wp-content\/uploads\/2022\/09\/tedee-zlozenie-render-1-e-lock-c-842-copy-2@2x_CS.jpg');\"><\/div>\n\t<div class=\"desc\">\n\t\t<div class=\"description-container\">\n\t\t\t<h2>Virtu\u00e1ln\u00ed kl\u00ed\u010de v chytr\u00e9m telefonu nebo chytr\u00fdch hodink\u00e1ch<\/h2>\n\t\t\t<p>U\u017e nepot\u0159ebujete tradi\u010dn\u00ed kl\u00ed\u010de, kter\u00e9 se hodn\u011b ztr\u00e1cej\u00ed. V\u0161e, co mus\u00edte ud\u011blat, je nainstalovat na\u0161i aplikaci na va\u0161e mobiln\u00ed za\u0159\u00edzen\u00ed pro otev\u00edr\u00e1n\u00ed a zav\u00edr\u00e1n\u00ed dve\u0159\u00ed.<\/p>\n\t\t\t<div class=\"button-container\">\n\t\t\t\t\t\t\t\t\t<a href=\"https:\/\/gerda.pl\/cs\/tedee\/#jak-to-dziala\" class=\"btn blue\">Zjistit v\u00edce<\/a>\n\t\t\t\t\t\t\t\t\t\t\t\t\t<a href=\"https:\/\/gerda.pl\/cs\/tedee\/\" class=\"btn\">Zobrazit ve 3D<\/a>\n\t\t\t\t\t\t\t<\/div>\n\t\t<\/div>\n\t<\/div>\n<\/div>\n\n\n\n<div style=\"height:90px\" aria-hidden=\"true\" class=\"wp-block-spacer\"><\/div>\n\n\n<div class=\"info\">\n\t<div class=\"container\">\n\t\t<div class=\"row\">\n\t\t\t\t\t\t\t<div class=\"col-12 col-md-4 info-box\">\n\t\t\t\t\t<div class=\"info-container\">\n\t\t\t\t\t\t<img decoding=\"async\" src=\"https:\/\/gerda.pl\/wp-content\/uploads\/2021\/04\/mobile-copy.svg\" alt=\"Zku\u0161enosti\">\n\t\t\t\t\t\t<p class=\"info--title\">Zku\u0161enosti<\/p>\n\t\t\t\t\t\t<p>pracujeme pro va\u0161i bezpe\u010dnost ji\u017e v\u00edce ne\u017e 30 let<\/p>\n\t\t\t\t\t<\/div>\n\t\t\t\t<\/div>\n\t\t\t\t\t\t\t<div class=\"col-12 col-md-4 info-box\">\n\t\t\t\t\t<div class=\"info-container\">\n\t\t\t\t\t\t<img decoding=\"async\" src=\"https:\/\/gerda.pl\/wp-content\/uploads\/2021\/04\/security.svg\" alt=\"Bezpe\u010dnostn\u00ed\">\n\t\t\t\t\t\t<p class=\"info--title\">Bezpe\u010dnostn\u00ed<\/p>\n\t\t\t\t\t\t<p>garantov\u00e1no postupy a certifik\u00e1ty ISO 9001: 2015<\/p>\n\t\t\t\t\t<\/div>\n\t\t\t\t<\/div>\n\t\t\t\t\t\t\t<div class=\"col-12 col-md-4 info-box\">\n\t\t\t\t\t<div class=\"info-container\">\n\t\t\t\t\t\t<img decoding=\"async\" src=\"https:\/\/gerda.pl\/wp-content\/uploads\/2021\/04\/mobile.svg\" alt=\"Technika\">\n\t\t\t\t\t\t<p class=\"info--title\">Technika<\/p>\n\t\t\t\t\t\t<p>na\u0161e produkty jsou zalo\u017eeny na nejnov\u011bj\u0161\u00edch technologi\u00edch<\/p>\n\t\t\t\t\t<\/div>\n\t\t\t\t<\/div>\n\t\t\t\t\t<\/div>\n\t<\/div>\n<\/div>\n","protected":false},"excerpt":{"rendered":"","protected":false},"author":1,"featured_media":0,"parent":0,"menu_order":0,"comment_status":"closed","ping_status":"open","template":"","meta":{"_acf_changed":false,"om_disable_all_campaigns":false,"inline_featured_image":false,"_monsterinsights_skip_tracking":false,"_monsterinsights_sitenote_active":false,"_monsterinsights_sitenote_note":"","_monsterinsights_sitenote_category":0,"footnotes":"","_links_to":"","_links_to_target":""},"class_list":["post-40423","page","type-page","status-publish","hentry"],"acf":[],"yoast_head":"<!-- This site is optimized with the Yoast SEO plugin v27.5 - https:\/\/yoast.com\/product\/yoast-seo-wordpress\/ -->\n<title>Domov - Gerda<\/title>\n<meta name=\"robots\" content=\"index, follow, max-snippet:-1, max-image-preview:large, max-video-preview:-1\" \/>\n<meta property=\"og:locale\" content=\"cs_CZ\" \/>\n<meta property=\"og:type\" content=\"article\" \/>\n<meta property=\"og:title\" content=\"Domov - Gerda\" \/>\n<meta property=\"og:url\" content=\"https:\/\/gerda.pl\/cs\/\" \/>\n<meta property=\"og:site_name\" content=\"Gerda\" \/>\n<meta property=\"article:publisher\" content=\"https:\/\/www.facebook.com\/gerda.zamki.drzwi.bramy\" \/>\n<meta property=\"article:modified_time\" content=\"2023-03-29T06:06:17+00:00\" \/>\n<meta name=\"twitter:card\" content=\"summary_large_image\" \/>\n<script type=\"application\/ld+json\" class=\"yoast-schema-graph\">{\"@context\":\"https:\\\/\\\/schema.org\",\"@graph\":[{\"@type\":\"WebPage\",\"@id\":\"https:\\\/\\\/gerda.pl\\\/cs\\\/\",\"url\":\"https:\\\/\\\/gerda.pl\\\/cs\\\/\",\"name\":\"Domov - Gerda\",\"isPartOf\":{\"@id\":\"https:\\\/\\\/gerda.pl\\\/cs\\\/#website\"},\"datePublished\":\"2022-08-01T14:12:32+00:00\",\"dateModified\":\"2023-03-29T06:06:17+00:00\",\"breadcrumb\":{\"@id\":\"https:\\\/\\\/gerda.pl\\\/cs\\\/#breadcrumb\"},\"inLanguage\":\"cs\",\"potentialAction\":[{\"@type\":\"ReadAction\",\"target\":[\"https:\\\/\\\/gerda.pl\\\/cs\\\/\"]}]},{\"@type\":\"BreadcrumbList\",\"@id\":\"https:\\\/\\\/gerda.pl\\\/cs\\\/#breadcrumb\",\"itemListElement\":[{\"@type\":\"ListItem\",\"position\":1,\"name\":\"Home\",\"item\":\"https:\\\/\\\/gerda.pl\\\/cs\\\/\"},{\"@type\":\"ListItem\",\"position\":2,\"name\":\"Domov\"}]},{\"@type\":\"WebSite\",\"@id\":\"https:\\\/\\\/gerda.pl\\\/cs\\\/#website\",\"url\":\"https:\\\/\\\/gerda.pl\\\/cs\\\/\",\"name\":\"Gerda\",\"description\":\"Producent drzwi i zamk\u00f3w do drzwi\",\"publisher\":{\"@id\":\"https:\\\/\\\/gerda.pl\\\/cs\\\/#organization\"},\"potentialAction\":[{\"@type\":\"SearchAction\",\"target\":{\"@type\":\"EntryPoint\",\"urlTemplate\":\"https:\\\/\\\/gerda.pl\\\/cs\\\/?s={search_term_string}\"},\"query-input\":{\"@type\":\"PropertyValueSpecification\",\"valueRequired\":true,\"valueName\":\"search_term_string\"}}],\"inLanguage\":\"cs\"},{\"@type\":\"Organization\",\"@id\":\"https:\\\/\\\/gerda.pl\\\/cs\\\/#organization\",\"name\":\"Gerda\",\"url\":\"https:\\\/\\\/gerda.pl\\\/cs\\\/\",\"logo\":{\"@type\":\"ImageObject\",\"inLanguage\":\"cs\",\"@id\":\"https:\\\/\\\/gerda.pl\\\/cs\\\/#\\\/schema\\\/logo\\\/image\\\/\",\"url\":\"https:\\\/\\\/gerda.pl\\\/wp-content\\\/uploads\\\/2025\\\/11\\\/Logo-Gerda_GLOBAL_rgb1-scaled.png\",\"contentUrl\":\"https:\\\/\\\/gerda.pl\\\/wp-content\\\/uploads\\\/2025\\\/11\\\/Logo-Gerda_GLOBAL_rgb1-scaled.png\",\"width\":2560,\"height\":699,\"caption\":\"Gerda\"},\"image\":{\"@id\":\"https:\\\/\\\/gerda.pl\\\/cs\\\/#\\\/schema\\\/logo\\\/image\\\/\"},\"sameAs\":[\"https:\\\/\\\/www.facebook.com\\\/gerda.zamki.drzwi.bramy\"]}]}<\/script>\n<!-- \/ Yoast SEO plugin. -->","yoast_head_json":{"title":"Domov - Gerda","robots":{"index":"index","follow":"follow","max-snippet":"max-snippet:-1","max-image-preview":"max-image-preview:large","max-video-preview":"max-video-preview:-1"},"og_locale":"cs_CZ","og_type":"article","og_title":"Domov - Gerda","og_url":"https:\/\/gerda.pl\/cs\/","og_site_name":"Gerda","article_publisher":"https:\/\/www.facebook.com\/gerda.zamki.drzwi.bramy","article_modified_time":"2023-03-29T06:06:17+00:00","twitter_card":"summary_large_image","schema":{"@context":"https:\/\/schema.org","@graph":[{"@type":"WebPage","@id":"https:\/\/gerda.pl\/cs\/","url":"https:\/\/gerda.pl\/cs\/","name":"Domov - Gerda","isPartOf":{"@id":"https:\/\/gerda.pl\/cs\/#website"},"datePublished":"2022-08-01T14:12:32+00:00","dateModified":"2023-03-29T06:06:17+00:00","breadcrumb":{"@id":"https:\/\/gerda.pl\/cs\/#breadcrumb"},"inLanguage":"cs","potentialAction":[{"@type":"ReadAction","target":["https:\/\/gerda.pl\/cs\/"]}]},{"@type":"BreadcrumbList","@id":"https:\/\/gerda.pl\/cs\/#breadcrumb","itemListElement":[{"@type":"ListItem","position":1,"name":"Home","item":"https:\/\/gerda.pl\/cs\/"},{"@type":"ListItem","position":2,"name":"Domov"}]},{"@type":"WebSite","@id":"https:\/\/gerda.pl\/cs\/#website","url":"https:\/\/gerda.pl\/cs\/","name":"Gerda","description":"Producent drzwi i zamk\u00f3w do drzwi","publisher":{"@id":"https:\/\/gerda.pl\/cs\/#organization"},"potentialAction":[{"@type":"SearchAction","target":{"@type":"EntryPoint","urlTemplate":"https:\/\/gerda.pl\/cs\/?s={search_term_string}"},"query-input":{"@type":"PropertyValueSpecification","valueRequired":true,"valueName":"search_term_string"}}],"inLanguage":"cs"},{"@type":"Organization","@id":"https:\/\/gerda.pl\/cs\/#organization","name":"Gerda","url":"https:\/\/gerda.pl\/cs\/","logo":{"@type":"ImageObject","inLanguage":"cs","@id":"https:\/\/gerda.pl\/cs\/#\/schema\/logo\/image\/","url":"https:\/\/gerda.pl\/wp-content\/uploads\/2025\/11\/Logo-Gerda_GLOBAL_rgb1-scaled.png","contentUrl":"https:\/\/gerda.pl\/wp-content\/uploads\/2025\/11\/Logo-Gerda_GLOBAL_rgb1-scaled.png","width":2560,"height":699,"caption":"Gerda"},"image":{"@id":"https:\/\/gerda.pl\/cs\/#\/schema\/logo\/image\/"},"sameAs":["https:\/\/www.facebook.com\/gerda.zamki.drzwi.bramy"]}]}},"_links":{"self":[{"href":"https:\/\/gerda.pl\/cs\/wp-json\/wp\/v2\/pages\/40423","targetHints":{"allow":["GET"]}}],"collection":[{"href":"https:\/\/gerda.pl\/cs\/wp-json\/wp\/v2\/pages"}],"about":[{"href":"https:\/\/gerda.pl\/cs\/wp-json\/wp\/v2\/types\/page"}],"author":[{"embeddable":true,"href":"https:\/\/gerda.pl\/cs\/wp-json\/wp\/v2\/users\/1"}],"replies":[{"embeddable":true,"href":"https:\/\/gerda.pl\/cs\/wp-json\/wp\/v2\/comments?post=40423"}],"version-history":[{"count":9,"href":"https:\/\/gerda.pl\/cs\/wp-json\/wp\/v2\/pages\/40423\/revisions"}],"predecessor-version":[{"id":51778,"href":"https:\/\/gerda.pl\/cs\/wp-json\/wp\/v2\/pages\/40423\/revisions\/51778"}],"wp:attachment":[{"href":"https:\/\/gerda.pl\/cs\/wp-json\/wp\/v2\/media?parent=40423"}],"curies":[{"name":"wp","href":"https:\/\/api.w.org\/{rel}","templated":true}]}}