{"id":26063,"date":"2019-02-16T19:10:07","date_gmt":"2019-02-16T18:10:07","guid":{"rendered":"https:\/\/gerda.pl\/produkt\/drzwi-do-domow\/"},"modified":"2024-04-08T12:05:17","modified_gmt":"2024-04-08T10:05:17","slug":"turen-zum-haus","status":"publish","type":"products","link":"https:\/\/gerda.pl\/de\/produkt\/turen-zum-haus\/","title":{"rendered":"T\u00fcren zum Haus"},"content":{"rendered":"\n<h1 class=\"wp-block-heading has-blue-color has-text-color\">T\u00fcren zum Haus<\/h1>\n\n\n<\/article>\n\t\n\t<div class=\"col-12 col-md-8 description\">\n\t\t<p>Die Au\u00dfent\u00fcren sind ein wichtiges Element, das den Charakter eines Geb\u00e4udes unterstreicht. Sie sollten mit der Farbgestaltung der Fassade harmonieren und gleichzeitig die Sicherheit der Bewohner gew\u00e4hrleisten. Gerda ist ein Unternehmen mit jahrzehntelanger Erfahrung in der T\u00fcrenherstellung. Unsere Patente und modernen L\u00f6sungen werden von den Kunden, die uns im Bereich der einbruchsicheren T\u00fcren vertrauen, sehr gesch\u00e4tzt. Lernen Sie unser Angebot kennen und werfen Sie einen Blick in den Katalog &#8211; Haust\u00fcren. Schlie\u00dfen Sie sich der Gruppe der zufriedenen Nutzer an!<\/p>\n\t<\/div>\n\t<div class=\"col-12 col-md-4 brochures\">\n\t\t<h4>Katalog herunterladen<\/h4>\n\t\t\t\t\t\t\t\t\t\t<a href=\"https:\/\/gerda.pl\/wp-content\/uploads\/2021\/07\/HAUSTUREN_AUSGABE-2-2024_www.pdf\"  rel=\"nofollow noopener\" class=\"download-brochure\" target=\"_blank\">Haust\u00fcren<\/a>\n\t\t\t\t\t\t\t\t\t\t<a href=\"https:\/\/gerda.pl\/wp-content\/uploads\/2021\/07\/DAA_09-2023_DE_www.pdf\"  rel=\"nofollow noopener\" class=\"download-brochure\" target=\"_blank\">ALTUS Aluminiumt\u00fcren<\/a>\n\t\t\t<\/div>\n<\/div>\n<\/div>\n<div class=\"row\">\n\t\t\t\t\t<div class=\"col-12 col-md-6 col-lg-3 mb\">\n\t\t\t\t\t<a href=\"https:\/\/gerda.pl\/de\/produkt\/drzwi-do-domow\/thermo-prime\/\" class=\"product-teaser\">\n\t\t\t\t\t\t<img decoding=\"async\" src=\"https:\/\/gerda.pl\/wp-content\/uploads\/2019\/02\/thermo_pirme-1.jpg\" alt=\"THERMO PRIME-Serie\">\n\t\t\t\t\t\t<h3>THERMO PRIME-Serie<\/h3>\n\t\t\t<h4>Robuste Einbruchschutzl\u00f6sungen und zuverl\u00e4ssige W\u00e4rmed\u00e4mmung<\/h4>\n\t\t<\/a>\n\t<\/div>\n\t\t\t\t\t<div class=\"col-12 col-md-6 col-lg-3 mb\">\n\t\t\t\t\t<a href=\"https:\/\/gerda.pl\/de\/produkt\/drzwi-do-domow\/thermo-premium\/\" class=\"product-teaser\">\n\t\t\t\t\t\t<img decoding=\"async\" src=\"https:\/\/gerda.pl\/wp-content\/uploads\/2019\/02\/thermo_premium-1.jpg\" alt=\"THERMO PREMIUM-Serie\">\n\t\t\t\t\t\t<h3>THERMO PREMIUM-Serie<\/h3>\n\t\t\t<h4>H\u00f6chste Sicherheit und effektive Energieeffizienz<\/h4>\n\t\t<\/a>\n\t<\/div>\n\t\t\t\t\t<div class=\"col-12 col-md-6 col-lg-3 mb\">\n\t\t\t\t\t<a href=\"https:\/\/gerda.pl\/de\/produkt\/drzwi-do-domow\/optima\/\" class=\"product-teaser\">\n\t\t\t\t\t\t<img decoding=\"async\" src=\"https:\/\/gerda.pl\/wp-content\/uploads\/2019\/02\/optima-1.jpg\" alt=\"OPTIMA-Serie\">\n\t\t\t\t\t\t<h3>OPTIMA-Serie<\/h3>\n\t\t\t<h4>Modernes Design und Zuverl\u00e4ssigkeit in Bestform<\/h4>\n\t\t<\/a>\n\t<\/div>\n\t\t\t\t\t<div class=\"col-12 col-md-6 col-lg-3 mb\">\n\t\t\t\t\t<a href=\"https:\/\/gerda.pl\/de\/produkt\/drzwi-do-domow\/drzwi-aluminiowe\/\" class=\"product-teaser\">\n\t\t\t\t\t\t<img decoding=\"async\" src=\"https:\/\/gerda.pl\/wp-content\/uploads\/2019\/02\/altus-1.jpg\" alt=\"ALTUS Aluminiumt\u00fcren\">\n\t\t\t\t\t\t<h3>ALTUS Aluminiumt\u00fcren<\/h3>\n\t\t\t<h4>Innovative Konstruktion, effektive W\u00e4rmed\u00e4mmung und attraktives Design<\/h4>\n\t\t<\/a>\n\t<\/div>\n\t<\/div>\n\t<div class=\"row\">\n\t\t<article class=\"col-12\">\n\n\n<\/article>\n<\/div>\n<div class=\"filters-container\">\n<div class=\"filters\">\n\t<form class=\"form-filters\" data-type=\"doors-home\">\n\t<fieldset class=\"search\">\n\t\t<input type=\"search\" name=\"product-name\" id=\"product-name\" placeholder=\"Geben Sie einen Namen ein\" value=\"\">\n\t\t\t\t<input type=\"hidden\" name=\"ids\" value=\"26779,27198,27251,29113\">\n\t\t<\/fieldset>\n\t<div class=\"filters-check\">\n\t\t<fieldset>\n\t<a href=\"#serie\" class=\"show-filters\">Serie<\/a>\n\t<div class=\"options wide\" id=\"serie\">\n\t\t<div class=\"close-options-tab\">x<\/div>\n\t\t<label><input type=\"checkbox\" name=\"serie\" value=\"thermo-prime\">THERMO PRIME<\/label>\n\t\t<label><input type=\"checkbox\" name=\"serie\" value=\"thermo-premium\">THERMO PREMIUM<\/label>\n\t\t<label><input type=\"checkbox\" name=\"serie\" value=\"tt-optima\">OPTIMA<\/label>\n\t\t<label><input type=\"checkbox\" name=\"serie\" value=\"drzwi-aluminiowe\">ALTUS Aluminiumt\u00fcren<\/label>\n\t<\/div>\n<\/fieldset>\n<fieldset>\n\t<a href=\"#color\" class=\"show-filters\">Farbe<\/a>\n\t<div class=\"options colors\" id=\"color\">\n\t\t<div class=\"close-options-tab\">x<\/div>\n\t\t<label class=\"white\"><input type=\"checkbox\" name=\"color\" value=\"bialy\">Wei\u00df<\/label>\n\t\t<label class=\"gray\"><input type=\"checkbox\" name=\"color\" value=\"szary\">Grau<\/label>\n\t\t<label class=\"brown\"><input type=\"checkbox\" name=\"color\" value=\"brazowy\">Braun<\/label>\n\t\t<label class=\"navy\"><input type=\"checkbox\" name=\"color\" value=\"granatowy\">Marineblau<\/label>\n\t<\/div>\n<\/fieldset>\n<fieldset>\n\t<a href=\"#przeszklenia\" class=\"show-filters\">Verglasung<\/a>\n\t<div class=\"options\" id=\"przeszklenia\">\n\t\t<div class=\"close-options-tab\">x<\/div>\n\t\t<label><input type=\"checkbox\" name=\"przeszklenia\" value=\"z-szyba\">mit Glas<\/label>\n\t\t<label><input type=\"checkbox\" name=\"przeszklenia\" value=\"z-doswietlami\">mit Licht<\/label>\n\t\t<label><input type=\"checkbox\" name=\"przeszklenia\" value=\"bez-przeszklen\">ohne Verglasung<\/label>\n\t<\/div>\n<\/fieldset>\n<fieldset>\n\t<a href=\"#termoizolacja\" class=\"show-filters\">W\u00e4rmed\u00e4mmung<\/a>\n\t<div class=\"options\" id=\"termoizolacja\">\n\t\t<div class=\"close-options-tab\">x<\/div>\n\t\t<label><input type=\"checkbox\" name=\"termoizolacja\" value=\"standard\">Standard<\/label>\n\t\t<label><input type=\"checkbox\" name=\"termoizolacja\" value=\"dobra-izolacja\">gute Isolierung<\/label>\n\t\t<label><input type=\"checkbox\" name=\"termoizolacja\" value=\"swietna-izolacja\">Super IIsolierung<\/label>\n\t<\/div>\n<\/fieldset>\n<fieldset>\n\t<a href=\"#safety\" class=\"show-filters\">Sicherheit<\/a>\n\t<div class=\"options\" id=\"safety\">\n\t\t<div class=\"close-options-tab\">x<\/div>\n\t\tDiebstahlschutzklasse\t\t<label><input type=\"checkbox\" name=\"klasa-antywlamaniowa\" value=\"rc2\">RC2<\/label>\n\t\t<label><input type=\"checkbox\" name=\"klasa-antywlamaniowa\" value=\"rc3\">RC3<\/label>\n\t\t<label><input type=\"checkbox\" name=\"klasa-antywlamaniowa\" value=\"rc4\">RC4<\/label>\n\t\tBlattdicke\t\t<label><input type=\"checkbox\" name=\"grubosc-skrzydla\" value=\"50mm\">50mm<\/label>\n\t\t<label><input type=\"checkbox\" name=\"grubosc-skrzydla\" value=\"61mm\">61mm<\/label>\n\t\t<label><input type=\"checkbox\" name=\"grubosc-skrzydla\" value=\"75mm\">75mm<\/label>\n\t<\/div>\n<\/fieldset>\n\t<\/div>\n\t<a href=\"#\" class=\"show-prod-filters-mobile\">Filter<\/a>\n\t<\/form>\n<\/div>\n\n\n\n<div style=\"height:40px\" aria-hidden=\"true\" class=\"wp-block-spacer\"><\/div>\n\n\n<\/article>\n<\/div>\n<div class=\"row products-list\">\n\t<div class=\"col-12 col-md-6 col-lg-3 mb product-opt-container \">AIR GLASS T\u00fcren THERMO PRIME-Serie<a href=\"https:\/\/gerda.pl\/de\/produkt\/turen-zum-haus\/thermo-prime-serie\/air-glass-turen\/\" rel=\"nofollow\"><img decoding=\"async\" src=\"https:\/\/gerda.pl\/wp-content\/uploads\/2021\/04\/Linz-2-scaled.jpg\" alt=\"AIR GLASS T\u00fcren\"><\/a><a href=\"https:\/\/gerda.pl\/de\/produkt\/turen-zum-haus\/thermo-prime-serie\/air-glass-turen\/\"><p class=\"products-list__title\">AIR GLASS T\u00fcren<\/p><\/a><p class=\"products-list__subtitle\">THERMO PRIME-Serie<\/p><\/div><div class=\"col-12 col-md-6 col-lg-3 mb product-opt-container \">QUADRO T\u00fcren THERMO PRIME-Serie<a href=\"https:\/\/gerda.pl\/de\/produkt\/turen-zum-haus\/thermo-prime-serie\/quadro-turen\/\" rel=\"nofollow\"><img decoding=\"async\" src=\"https:\/\/gerda.pl\/wp-content\/uploads\/2021\/04\/Thermoprime_BAMBERG_3.jpeg.jpg\" alt=\"QUADRO T\u00fcren\"><\/a><a href=\"https:\/\/gerda.pl\/de\/produkt\/turen-zum-haus\/thermo-prime-serie\/quadro-turen\/\"><p class=\"products-list__title\">QUADRO T\u00fcren<\/p><\/a><p class=\"products-list__subtitle\">THERMO PRIME-Serie<\/p><\/div><div class=\"col-12 col-md-6 col-lg-3 mb product-opt-container \">ELITE 3D-T\u00fcren THERMO PRIME-Serie<a href=\"https:\/\/gerda.pl\/de\/produkt\/turen-zum-haus\/thermo-prime-serie\/elite-3d-turen\/\" rel=\"nofollow\"><img decoding=\"async\" src=\"https:\/\/gerda.pl\/wp-content\/uploads\/2021\/04\/Trin.jpeg\" alt=\"ELITE 3D-T\u00fcren\"><\/a><a href=\"https:\/\/gerda.pl\/de\/produkt\/turen-zum-haus\/thermo-prime-serie\/elite-3d-turen\/\"><p class=\"products-list__title\">ELITE 3D-T\u00fcren<\/p><\/a><p class=\"products-list__subtitle\">THERMO PRIME-Serie<\/p><\/div><div class=\"col-12 col-md-6 col-lg-3 mb product-opt-container \">TEMPO T\u00fcren THERMO PRIME-Serie<a href=\"https:\/\/gerda.pl\/de\/produkt\/turen-zum-haus\/thermo-prime-serie\/tempo-turen\/\" rel=\"nofollow\"><img decoding=\"async\" src=\"https:\/\/gerda.pl\/wp-content\/uploads\/2021\/04\/milano-9-antracyt-prime-scaled.jpg\" alt=\"TEMPO T\u00fcren\"><\/a><a href=\"https:\/\/gerda.pl\/de\/produkt\/turen-zum-haus\/thermo-prime-serie\/tempo-turen\/\"><p class=\"products-list__title\">TEMPO T\u00fcren<\/p><\/a><p class=\"products-list__subtitle\">THERMO PRIME-Serie<\/p><\/div><div class=\"col-12 col-md-6 col-lg-3 mb product-opt-container \">AIR GLASS T\u00fcren THERMO PREMIUM-Serie<a href=\"https:\/\/gerda.pl\/de\/produkt\/turen-zum-haus\/thermo-premium-serie\/turen-air-glass\/\" rel=\"nofollow\"><img decoding=\"async\" src=\"https:\/\/gerda.pl\/wp-content\/uploads\/2021\/04\/Graz-1.jpeg\" alt=\"AIR GLASS T\u00fcren\"><\/a><a href=\"https:\/\/gerda.pl\/de\/produkt\/turen-zum-haus\/thermo-premium-serie\/turen-air-glass\/\"><p class=\"products-list__title\">AIR GLASS T\u00fcren<\/p><\/a><p class=\"products-list__subtitle\">THERMO PREMIUM-Serie<\/p><\/div><div class=\"col-12 col-md-6 col-lg-3 mb product-opt-container \">QUADRO T\u00fcren THERMO PREMIUM-Serie<a href=\"https:\/\/gerda.pl\/de\/produkt\/turen-zum-haus\/thermo-premium-serie\/quadro-turen\/\" rel=\"nofollow\"><img decoding=\"async\" src=\"https:\/\/gerda.pl\/wp-content\/uploads\/2019\/02\/02-Kategoria-Drzwi-Quadro.jpg\" alt=\"QUADRO T\u00fcren\"><\/a><a href=\"https:\/\/gerda.pl\/de\/produkt\/turen-zum-haus\/thermo-premium-serie\/quadro-turen\/\"><p class=\"products-list__title\">QUADRO T\u00fcren<\/p><\/a><p class=\"products-list__subtitle\">THERMO PREMIUM-Serie<\/p><\/div><div class=\"col-12 col-md-6 col-lg-3 mb product-opt-container \">ELITE 3D T\u00fcren THERMO PREMIUM-Serie<a href=\"https:\/\/gerda.pl\/de\/produkt\/turen-zum-haus\/thermo-premium-serie\/elite-3d-turen\/\" rel=\"nofollow\"><img decoding=\"async\" src=\"https:\/\/gerda.pl\/wp-content\/uploads\/2019\/02\/03-Kageroria-Drzwi-Elite-3D.jpg\" alt=\"ELITE 3D T\u00fcren\"><\/a><a href=\"https:\/\/gerda.pl\/de\/produkt\/turen-zum-haus\/thermo-premium-serie\/elite-3d-turen\/\"><p class=\"products-list__title\">ELITE 3D T\u00fcren<\/p><\/a><p class=\"products-list__subtitle\">THERMO PREMIUM-Serie<\/p><\/div><div class=\"col-12 col-md-6 col-lg-3 mb product-opt-container \">TEMPO T\u00fcren THERMO PREMIUM-Serie<a href=\"https:\/\/gerda.pl\/de\/produkt\/turen-zum-haus\/thermo-premium-serie\/tempo-turen\/\" rel=\"nofollow\"><img decoding=\"async\" src=\"https:\/\/gerda.pl\/wp-content\/uploads\/2019\/02\/02-Kategoria-Drzwi-Quadro.jpg\" alt=\"TEMPO T\u00fcren\"><\/a><a href=\"https:\/\/gerda.pl\/de\/produkt\/turen-zum-haus\/thermo-premium-serie\/tempo-turen\/\"><p class=\"products-list__title\">TEMPO T\u00fcren<\/p><\/a><p class=\"products-list__subtitle\">THERMO PREMIUM-Serie<\/p><\/div><div class=\"col-12 show-all-container\">\n\t\t\t<a class=\"btn show-all-partners\" href=\"#\">Mehr sehen<\/a>\n\t\t<\/div><div class=\"col-12 col-md-6 col-lg-3 mb product-opt-container hidden\">TEMPO T\u00fcren OPTIMA Serie<a href=\"https:\/\/gerda.pl\/de\/produkt\/turen-zum-haus\/optima-serie\/tempo-turen\/\" rel=\"nofollow\"><img decoding=\"async\" src=\"https:\/\/gerda.pl\/wp-content\/uploads\/2019\/02\/Turyn_2.jpeg.jpg\" alt=\"TEMPO T\u00fcren\"><\/a><a href=\"https:\/\/gerda.pl\/de\/produkt\/turen-zum-haus\/optima-serie\/tempo-turen\/\"><p class=\"products-list__title\">TEMPO T\u00fcren<\/p><\/a><p class=\"products-list__subtitle\">OPTIMA Serie<\/p><\/div><div class=\"col-12 col-md-6 col-lg-3 mb product-opt-container hidden\">CLASSIC T\u00fcren OPTIMA Serie<a href=\"https:\/\/gerda.pl\/de\/produkt\/turen-zum-haus\/optima-serie\/classic-turen\/\" rel=\"nofollow\"><img decoding=\"async\" src=\"https:\/\/gerda.pl\/wp-content\/uploads\/2019\/02\/Modena_2.jpeg.jpg\" alt=\"CLASSIC T\u00fcren\"><\/a><a href=\"https:\/\/gerda.pl\/de\/produkt\/turen-zum-haus\/optima-serie\/classic-turen\/\"><p class=\"products-list__title\">CLASSIC T\u00fcren<\/p><\/a><p class=\"products-list__subtitle\">OPTIMA Serie<\/p><\/div><div class=\"col-12 col-md-6 col-lg-3 mb product-opt-container hidden\">DUO 60 T\u00fcren OPTIMA Serie<a href=\"https:\/\/gerda.pl\/de\/produkt\/turen-zum-haus\/optima-serie\/duo-60-turen\/\" rel=\"nofollow\"><img decoding=\"async\" src=\"https:\/\/gerda.pl\/wp-content\/uploads\/2019\/02\/ST8-RYGA-P00-mahon.jpeg\" alt=\"DUO 60 T\u00fcren\"><\/a><a href=\"https:\/\/gerda.pl\/de\/produkt\/turen-zum-haus\/optima-serie\/duo-60-turen\/\"><p class=\"products-list__title\">DUO 60 T\u00fcren<\/p><\/a><p class=\"products-list__subtitle\">OPTIMA Serie<\/p><\/div><\/div>\n<\/div>\n<div class=\"row\">\n\t<article class=\"col-12\">\n\n<\/article>\n<\/div>\n<\/section>\n<div class=\"tedee photo-full-width\">\t<div class=\"img\" style=\"background-image: url('https:\/\/gerda.pl\/wp-content\/uploads\/2019\/02\/drzwi-gerda-baner.webp');\"><\/div>\n\t<div class=\"desc\">\n\t\t<div class=\"description-container\">\n\t\t\t<h2>THERMO PRIME- und THERMO PREMIUM-Serie<\/h2>\n\t\t\t<p>Hauseingangst\u00fcren aus der Produktlinie T<strong>HERMO PRIME<\/strong> und <strong>THERMO PREMIUM<\/strong> sind durch eine extrem robuste Metall-Innenkonstruktion verbunden, die eine hervorragende W\u00e4rmed\u00e4mmung bietet. In dieser Serie finden Sie die traditionelle Elite 3D-T\u00fcr f\u00fcr diejenigen, die klassische L\u00f6sungen sch\u00e4tzen. Beide sehen in modernen Geb\u00e4uden gro\u00dfartig aus. Die T\u00fcrvarianten Air Glass, Quadro und Tempo bieten ein modernes Design, das das Prestige und die Individualit\u00e4t eines jeden Hauses unterstreicht.<\/p>\n<p>In der Gruppe der THERMO PRIME und THERMO PREMIUM T\u00fcren unterscheiden wir vier Designlinien:<br \/>\n<strong>AIR GLASS<\/strong> &#8211; mit einer charakteristischen Scheibe, die gemeinhin als Autofenster bekannt ist,<br \/>\n<strong>QUADRO<\/strong> &#8211; mit zahlreichen Verglasungen und einer 3D-Leiste,<br \/>\n<strong>TEMPO<\/strong> &#8211; eine klassische T\u00fcr, die auf die besten GERDA-Designs verweist,<br \/>\n<strong>ELITE 3D<\/strong> &#8211; elegantes Design.<\/p>\n\t\t\t<div class=\"button-container\">\n\t\t\t\t\t\t\t\t\t<a href=\"https:\/\/gerda.pl\/de\/produkt\/drzwi-do-domow\/thermo-prime\/\" class=\"btn \">THERMO PRIME &#8211; Mehr erfahren<\/a>\n\t\t\t\t\t\t\t\t\t\t\t\t\t<a href=\"https:\/\/gerda.pl\/de\/produkt\/drzwi-do-domow\/thermo-premium\/\" class=\"btn\">THERMO PREMIUM &#8211; Mehr erfahren<\/a>\n\t\t\t\t\t\t\t<\/div>\n\t\t<\/div>\n\t<\/div>\n<\/div>\n\t<section class=\"container\">\n<div class=\"row\">\n<article class=\"col-12\">\n\n\n\n\n<div style=\"height:90px\" aria-hidden=\"true\" class=\"wp-block-spacer\"><\/div>\n\n\n<\/article>\n<\/div>\n<div class=\"row products-list\">\n\t<div class=\"col-12 col-md-6 col-lg-3 mb product-opt-container \">TEMPO T\u00fcren OPTIMA Serie<a href=\"https:\/\/gerda.pl\/de\/produkt\/turen-zum-haus\/optima-serie\/tempo-turen\/\" rel=\"nofollow\"><img decoding=\"async\" src=\"https:\/\/gerda.pl\/wp-content\/uploads\/2019\/02\/Turyn_2.jpeg.jpg\" alt=\"TEMPO T\u00fcren\"><\/a><a href=\"https:\/\/gerda.pl\/de\/produkt\/turen-zum-haus\/optima-serie\/tempo-turen\/\"><p class=\"products-list__title\">TEMPO T\u00fcren<\/p><\/a><p class=\"products-list__subtitle\">OPTIMA Serie<\/p><\/div><div class=\"col-12 col-md-6 col-lg-3 mb product-opt-container \">CLASSIC T\u00fcren OPTIMA Serie<a href=\"https:\/\/gerda.pl\/de\/produkt\/turen-zum-haus\/optima-serie\/classic-turen\/\" rel=\"nofollow\"><img decoding=\"async\" src=\"https:\/\/gerda.pl\/wp-content\/uploads\/2019\/02\/Modena_2.jpeg.jpg\" alt=\"CLASSIC T\u00fcren\"><\/a><a href=\"https:\/\/gerda.pl\/de\/produkt\/turen-zum-haus\/optima-serie\/classic-turen\/\"><p class=\"products-list__title\">CLASSIC T\u00fcren<\/p><\/a><p class=\"products-list__subtitle\">OPTIMA Serie<\/p><\/div><div class=\"col-12 col-md-6 col-lg-3 mb product-opt-container \">DUO 60 T\u00fcren OPTIMA Serie<a href=\"https:\/\/gerda.pl\/de\/produkt\/turen-zum-haus\/optima-serie\/duo-60-turen\/\" rel=\"nofollow\"><img decoding=\"async\" src=\"https:\/\/gerda.pl\/wp-content\/uploads\/2019\/02\/ST8-RYGA-P00-mahon.jpeg\" alt=\"DUO 60 T\u00fcren\"><\/a><a href=\"https:\/\/gerda.pl\/de\/produkt\/turen-zum-haus\/optima-serie\/duo-60-turen\/\"><p class=\"products-list__title\">DUO 60 T\u00fcren<\/p><\/a><p class=\"products-list__subtitle\">OPTIMA Serie<\/p><\/div><\/div>\n<\/div>\n<div class=\"row\">\n\t<article class=\"col-12\">\n\n<\/article>\n<\/div>\n<\/section>\n<div class=\"tedee reversed\">\t<div class=\"img\" style=\"background-image: url('https:\/\/gerda.pl\/wp-content\/uploads\/2019\/02\/NS1-Milano-8_2-scaled.jpeg');\"><\/div>\n\t<div class=\"desc\">\n\t\t<div class=\"description-container\">\n\t\t\t<h2>OPTIMA-Serie<\/h2>\n\t\t\t<p>Mit Blick auf den gr\u00f6\u00dftm\u00f6glichen Komfort unserer Kunden schaffen wir Hauseingangst\u00fcren, die den besten Schutz gegen widrige Wetterbedingungen bieten. Dank des Einsatzes moderner Technologien und der Verwendung von Stahl-, Holz- und Aluminiumrahmen weisen die GERDA-Au\u00dfent\u00fcren sehr gute W\u00e4rmed\u00e4mmwerte auf.<\/p>\n<p>Die Modelle <strong>Tempo<\/strong>, <strong>Classic<\/strong> und <strong>Optima Duo 60<\/strong> sind au\u00dferdem mit dezenten Glasscheiben ausgestattet, die dem Design Leichtigkeit verleihen. Die T\u00fcren sind in verschiedenen Designserien erh\u00e4ltlich, Sie k\u00f6nnen die Art der Verglasung und die Farbausf\u00fchrung w\u00e4hlen. Entscheiden Sie sich f\u00fcr die Optima-Linie der Au\u00dfeneingangst\u00fcren f\u00fcr Ihr Haus.<\/p>\n\t\t\t<div class=\"button-container\">\n\t\t\t\t\t\t\t\t\t\t\t\t\t<a href=\"https:\/\/gerda.pl\/de\/produkt\/drzwi-do-domow\/optima\/\" class=\"btn\">Finde mehr heraus<\/a>\n\t\t\t\t\t\t\t<\/div>\n\t\t<\/div>\n\t<\/div>\n<\/div>\n\t<section class=\"container\">\n<div class=\"row\">\n<article class=\"col-12\">\n\n\n\n\n<div style=\"height:90px\" aria-hidden=\"true\" class=\"wp-block-spacer\"><\/div>\n\n\n<\/article>\n<\/div>\n<div class=\"row products-list\">\n\t<div class=\"col-12 col-md-6 col-lg-3 mb product-opt-container \">ALTUS-T\u00dcREN Privat: ALTUS Aluminiumt\u00fcren<a href=\"https:\/\/gerda.pl\/de\/produkt\/turen-zum-haus\/altus-aluminiumtueren\/altus-turen\/\" rel=\"nofollow\"><img decoding=\"async\" src=\"https:\/\/gerda.pl\/wp-content\/uploads\/2020\/10\/GF3.jpg\" alt=\"ALTUS-T\u00dcREN\"><\/a><a href=\"https:\/\/gerda.pl\/de\/produkt\/turen-zum-haus\/altus-aluminiumtueren\/altus-turen\/\"><p class=\"products-list__title\">ALTUS-T\u00dcREN<\/p><\/a><p class=\"products-list__subtitle\">Privat: ALTUS Aluminiumt\u00fcren<\/p><\/div><\/div>\n<\/div>\n<div class=\"row\">\n\t<article class=\"col-12\">\n\n<\/article>\n<\/div>\n<\/section>\n<div class=\"tedee \">\t<div class=\"img\" style=\"background-image: url('https:\/\/gerda.pl\/wp-content\/uploads\/2019\/02\/ALTUS-3-scaled.jpg');\"><\/div>\n\t<div class=\"desc\">\n\t\t<div class=\"description-container\">\n\t\t\t<h2>ALTUS Aluminiumt\u00fcren<\/h2>\n\t\t\t<p>Die einbruchhemmenden Aluminiumt\u00fcren <strong>ALTUS<\/strong> wurden so konzipiert, dass sie die besten W\u00e4rmed\u00e4mmungsparameter erreichen. Gefertigt aus einem 9 cm dicken Dreikammersystem aus Aluminium, erf\u00fcllen sie die strengen Anforderungen des modernen Passivhausbaus.<\/p>\n<p><strong>ALTUS<\/strong>-T\u00fcren sind serienm\u00e4\u00dfig mit einer patentierten \u201eAnti-Bimetall\u201c-Zwischenlage ausgestattet, die den W\u00e4rmed\u00e4mmwert deutlich erh\u00f6ht und einen wesentlichen Beitrag zur Senkung der Energiekosten leistet.<\/p>\n<p>Die Konstruktion der <strong>GERDA ALTUS<\/strong> Aluminiumt\u00fcren erm\u00f6glicht eine einheitliche Oberfl\u00e4che sowohl auf der Innen- als auch auf der Au\u00dfenseite.<\/p>\n\t\t\t<div class=\"button-container\">\n\t\t\t\t\t\t\t\t\t\t\t\t\t<a href=\"https:\/\/gerda.pl\/de\/produkt\/drzwi-do-domow\/drzwi-aluminiowe\/\" class=\"btn\">Finde mehr heraus<\/a>\n\t\t\t\t\t\t\t<\/div>\n\t\t<\/div>\n\t<\/div>\n<\/div>\n\t<section class=\"container\">\n<div class=\"row\">\n<article class=\"col-12\">\n\n\n\n\n<div style=\"height:90px\" aria-hidden=\"true\" class=\"wp-block-spacer\"><\/div>\n\n\n\n<div class=\"wp-block-columns is-layout-flex wp-container-core-columns-is-layout-28f84493 wp-block-columns-is-layout-flex\">\n<div class=\"wp-block-column is-layout-flow wp-block-column-is-layout-flow\">\n<div class=\"tile\">\n\t\t\t<a href=\"https:\/\/gerda.pl\/wp-content\/uploads\/2021\/07\/HAUSTUREN_AUSGABE-2-2024_www.pdf\">\n\t\t\t\t<img decoding=\"async\" src=\"https:\/\/gerda.pl\/wp-content\/uploads\/2021\/04\/Zobacz_katalog_drzwi_do_domu.jpg\" alt=\"Siehe den Haust\u00fcrkatalog\">\n\t\t\t\t<p class=\"tile__title\">Siehe den Haust\u00fcrkatalog<\/p>\n\t\t\t\t<p class=\"tile__subtitle\">Hier finden Sie unsere besten Produkte mit Preisen!<\/p>\n\t\t\t\t<\/a>\n\t<\/div>\n<\/div>\n\n\n\n<div class=\"wp-block-column is-layout-flow wp-block-column-is-layout-flow\">\n<div class=\"tile\">\n\t\t\t<a href=\"https:\/\/gerda.pl\/de\/produkt\/tueren-zu-wohnungen\/\">\n\t\t\t\t<img decoding=\"async\" src=\"https:\/\/gerda.pl\/wp-content\/uploads\/2019\/02\/Drzwi_do_mieszkan_STAR_60.jpg\" alt=\"Schauen Sie sich unsere Wohnungst\u00fcren an\">\n\t\t\t\t<p class=\"tile__title\">Schauen Sie sich unsere Wohnungst\u00fcren an<\/p>\n\t\t\t\t<p class=\"tile__subtitle\">Neues Angebot an Wohnungst\u00fcren<\/p>\n\t\t\t\t<\/a>\n\t<\/div>\n<\/div>\n<\/div>\n\n\n\n<div style=\"height:40px\" aria-hidden=\"true\" class=\"wp-block-spacer\"><\/div>\n\n\n\n<div class=\"wp-block-group shift-2 is-layout-flow wp-block-group-is-layout-flow\">\n<h2 class=\"wp-block-heading\">Au\u00dfent\u00fcren \u2013 was sollen sie auszeichnen?<\/h2>\n\n\n\n<p>Eine gute Au\u00dfent\u00fcr zu einem Haus ist eine funktionale T\u00fcr. Die Materialien, aus denen die besten Gerda Haust\u00fcren gefertigt werden, sind nicht ohne Bedeutung. Sie entscheiden \u00fcber die Zuverl\u00e4ssigkeit und Langlebigkeit der Produkte. Unser Angebot umfasst unter anderem Stahl-, Aluminium- und Holzt\u00fcren.<\/p>\n\n\n\n<p>Achten Sie bei der Auswahl einer Eingangst\u00fcr zum Haus auf deren technische Parameter. T\u00fcren au\u00dferhalb des Grundst\u00fccks kommen oft mit ung\u00fcnstigen Witterungsverh\u00e4ltnissen in Kontakt. Sie m\u00fcssen auf Regen, Schnee und starken Wind vorbereitet sein.<\/p>\n\n\n\n<p>W\u00e4rmed\u00e4mmung ist ein weiteres wichtiges Thema. Hochwertige Haust\u00fcren sch\u00fctzen das Geb\u00e4ude optimal vor W\u00e4rmeverlust. Dar\u00fcber hinaus gibt es auch eine angemessene Schalld\u00e4mmung. Eingangst\u00fcren sollen den L\u00e4rm von au\u00dfen effektiv eliminieren.<\/p>\n\n\n\n<p>Das Wichtigste ist jedoch die Sicherheit. Um Ihr Eigentum und Ihre Lieben richtig zu sch\u00fctzen, installieren Sie eine Sicherheitst\u00fcr. Gerda ist seit vielen Jahren auf die Herstellung solcher T\u00fcren auf h\u00f6chstem Niveau spezialisiert.<\/p>\n<\/div>\n\n\n\n<div class=\"wp-block-group shift-2 is-layout-flow wp-block-group-is-layout-flow\">\n<h2 class=\"wp-block-heading\">Wie w\u00e4hlen Sie die richtige Haust\u00fcr f\u00fcr Ihr Zuhause aus?<\/h2>\n\n\n\n<p>Stehen Sie vor der Wahl einer T\u00fcr zu Ihrem neuen Zuhause? M\u00f6chten Sie Ihre alte T\u00fcr durch eine funktionellere ersetzen? Wir beraten Sie, worauf Sie beim St\u00f6bern im Haust\u00fcrangebot achten sollten.<\/p>\n\n\n\n<h3 class=\"wp-block-heading\">Die Gr\u00f6\u00dfe der Au\u00dfent\u00fcr<\/h3>\n\n\n\n<p>Stehen Sie vor der Wahl einer T\u00fcr zu Ihrem neuen Zuhause? M\u00f6chten Sie Ihre alte T\u00fcr durch eine funktionellere ersetzen? Wir beraten Sie, worauf Sie beim St\u00f6bern im Haust\u00fcrangebot achten sollten.<\/p>\n\n\n\n<h3 class=\"wp-block-heading\">Der Weg die T\u00fcr zu \u00f6ffnen<\/h3>\n\n\n\n<p>Wenn der Vorraum oder die Halle in Ihrem Zuhause nicht zu gro\u00df ist, lohnt es sich, nach au\u00dfen \u00f6ffnende T\u00fcren zu verwenden. Sie sollten jedoch auf das Material achten, aus dem die T\u00fcr gefertigt ist und auf ein Dach achten, um Kratzer, z.B. nach Schneefall, zu vermeiden. Einw\u00e4rts \u00f6ffnende T\u00fcren sind eine perfekte L\u00f6sung f\u00fcr H\u00e4user mit einem gr\u00f6\u00dferen Vorraum.<\/p>\n\n\n\n<h3 class=\"wp-block-heading\">Fl\u00fcgelt\u00fcr links oder rechts<\/h3>\n\n\n\n<p>Es gibt Situationen, in denen die Platzierung der Scharniere wichtig ist. Ber\u00fccksichtigen Sie bei der Wahl der rechten oder linken T\u00fcr, dass diese \u00fcber ausreichenden \u00d6ffnungsraum verf\u00fcgen und die T\u00fcr in Ihrem Haus nicht beeintr\u00e4chtigen.<\/p>\n\n\n\n<h3 class=\"wp-block-heading\">Modisches Aussehen<\/h3>\n\n\n\n<p>Die T\u00fcren haben auch eine dekorative Funktion. In unserem Angebot finden Sie unter anderem T\u00fcren mit Glaselementen, die das Innere der Halle zus\u00e4tzlich erhellen und Sie sehen lassen, wer zu Besuch war. Modernes Glas in der T\u00fcr ist extrem widerstandsf\u00e4hig und mindert das Sicherheitsniveau nicht<\/p>\n\n\n\n<h2 class=\"wp-block-heading\">Au\u00dfent\u00fcren und Sicherheit<\/h2>\n\n\n\n<p>Die Erwartungen an unsere T\u00fcr sind sehr hoch. Dies mobilisiert die Ingenieure von Gerda, um einzigartige Produkte zu schaffen. Sicherheit ist unsere Priorit\u00e4t. Zum Schutz vor Einbruch setzen wir moderne Technologien und Materialien ein. Unsere T\u00fcren verf\u00fcgen \u00fcber entsprechende Zertifikate und Zulassungen. Achten Sie bei der Auswahl einer Sicherheitst\u00fcr auf die Sicherheitsklassen. Die niedrigste Klasse ist RC1. T\u00fcren mit dieser Kennzeichnung bieten einen grundlegenden Einbruchschutz. Die Spitzenklassen sind RC5 und RC6. Sie haben T\u00fcren in Banken und anderen Institutionen, die besonderen Schutz ben\u00f6tigen. Die Firma Gerda bietet einbruchhemmende T\u00fcren in den Klassen RC2, RC3 und RC4 an.<\/p>\n\n\n\n<h3 class=\"wp-block-heading\">Preise f\u00fcr Au\u00dfent\u00fcren<\/h3>\n\n\n\n<p>Gerda Au\u00dfent\u00fcren sind Tradition, hohe Qualit\u00e4t und solide Verarbeitung. Die Preise unserer Produkte sind abh\u00e4ngig von den verwendeten Materialien und Technologien. Wenn Sie sich f\u00fcr die Haust\u00fcren von Gerda interessieren, empfehlen wir Ihnen, in unserem Haust\u00fcrenkatalog zu st\u00f6bern.<\/p>\n<\/div>\n\n\n\n<div style=\"height:40px\" aria-hidden=\"true\" class=\"wp-block-spacer\"><\/div>\n","protected":false},"featured_media":0,"parent":0,"menu_order":11,"template":"","meta":{"_acf_changed":true,"om_disable_all_campaigns":false,"inline_featured_image":false,"_monsterinsights_skip_tracking":false,"_monsterinsights_sitenote_active":false,"_monsterinsights_sitenote_note":"","_monsterinsights_sitenote_category":0,"_links_to":"","_links_to_target":""},"class_list":["post-26063","products","type-products","status-publish","hentry"],"acf":[],"yoast_head":"<!-- This site is optimized with the Yoast SEO plugin v27.5 - https:\/\/yoast.com\/product\/yoast-seo-wordpress\/ -->\n<title>Drzwi zewn\u0119trzne \u2013 Drzwi wej\u015bciowe do domu | Gerda<\/title>\n<meta name=\"description\" content=\"\u261e Drzwi zewn\u0119trzne Gerda \u2013 skuteczna ochrona przed w\u0142amaniem. Sprawd\u017a, jak wybra\u0107 odpowiednie drzwi wej\u015bciowe do domu. \u2611 Postaw na profesjonalizm!\" \/>\n<meta name=\"robots\" content=\"index, follow, max-snippet:-1, max-image-preview:large, max-video-preview:-1\" \/>\n<meta property=\"og:locale\" content=\"de_DE\" \/>\n<meta property=\"og:type\" content=\"article\" \/>\n<meta property=\"og:title\" content=\"Drzwi zewn\u0119trzne \u2013 Drzwi wej\u015bciowe do domu | Gerda\" \/>\n<meta property=\"og:description\" content=\"\u261e Drzwi zewn\u0119trzne Gerda \u2013 skuteczna ochrona przed w\u0142amaniem. Sprawd\u017a, jak wybra\u0107 odpowiednie drzwi wej\u015bciowe do domu. \u2611 Postaw na profesjonalizm!\" \/>\n<meta property=\"og:url\" content=\"https:\/\/gerda.pl\/de\/produkt\/turen-zum-haus\/\" \/>\n<meta property=\"og:site_name\" content=\"Gerda\" \/>\n<meta property=\"article:publisher\" content=\"https:\/\/www.facebook.com\/gerda.zamki.drzwi.bramy\" \/>\n<meta property=\"article:modified_time\" content=\"2024-04-08T10:05:17+00:00\" \/>\n<meta property=\"og:image\" content=\"https:\/\/gerda.pl\/wp-content\/uploads\/2019\/02\/Czyste-Powietrze-1.jpg\" \/>\n<meta name=\"twitter:card\" content=\"summary_large_image\" \/>\n<meta name=\"twitter:label1\" content=\"Gesch\u00e4tzte Lesezeit\" \/>\n\t<meta name=\"twitter:data1\" content=\"4\u00a0Minuten\" \/>\n<script type=\"application\/ld+json\" class=\"yoast-schema-graph\">{\"@context\":\"https:\\\/\\\/schema.org\",\"@graph\":[{\"@type\":\"WebPage\",\"@id\":\"https:\\\/\\\/gerda.pl\\\/de\\\/produkt\\\/turen-zum-haus\\\/\",\"url\":\"https:\\\/\\\/gerda.pl\\\/de\\\/produkt\\\/turen-zum-haus\\\/\",\"name\":\"Drzwi zewn\u0119trzne \u2013 Drzwi wej\u015bciowe do domu | Gerda\",\"isPartOf\":{\"@id\":\"https:\\\/\\\/gerda.pl\\\/de\\\/#website\"},\"datePublished\":\"2019-02-16T18:10:07+00:00\",\"dateModified\":\"2024-04-08T10:05:17+00:00\",\"description\":\"\u261e Drzwi zewn\u0119trzne Gerda \u2013 skuteczna ochrona przed w\u0142amaniem. Sprawd\u017a, jak wybra\u0107 odpowiednie drzwi wej\u015bciowe do domu. \u2611 Postaw na profesjonalizm!\",\"breadcrumb\":{\"@id\":\"https:\\\/\\\/gerda.pl\\\/de\\\/produkt\\\/turen-zum-haus\\\/#breadcrumb\"},\"inLanguage\":\"de\",\"potentialAction\":[{\"@type\":\"ReadAction\",\"target\":[\"https:\\\/\\\/gerda.pl\\\/de\\\/produkt\\\/turen-zum-haus\\\/\"]}]},{\"@type\":\"BreadcrumbList\",\"@id\":\"https:\\\/\\\/gerda.pl\\\/de\\\/produkt\\\/turen-zum-haus\\\/#breadcrumb\",\"itemListElement\":[{\"@type\":\"ListItem\",\"position\":1,\"name\":\"Heim\",\"item\":\"https:\\\/\\\/gerda.pl\\\/de\\\/\"},{\"@type\":\"ListItem\",\"position\":2,\"name\":\"T\u00fcren zum Haus\"}]},{\"@type\":\"WebSite\",\"@id\":\"https:\\\/\\\/gerda.pl\\\/de\\\/#website\",\"url\":\"https:\\\/\\\/gerda.pl\\\/de\\\/\",\"name\":\"Gerda\",\"description\":\"Producent drzwi i zamk\u00f3w do drzwi\",\"publisher\":{\"@id\":\"https:\\\/\\\/gerda.pl\\\/de\\\/#organization\"},\"potentialAction\":[{\"@type\":\"SearchAction\",\"target\":{\"@type\":\"EntryPoint\",\"urlTemplate\":\"https:\\\/\\\/gerda.pl\\\/de\\\/?s={search_term_string}\"},\"query-input\":{\"@type\":\"PropertyValueSpecification\",\"valueRequired\":true,\"valueName\":\"search_term_string\"}}],\"inLanguage\":\"de\"},{\"@type\":\"Organization\",\"@id\":\"https:\\\/\\\/gerda.pl\\\/de\\\/#organization\",\"name\":\"Gerda\",\"url\":\"https:\\\/\\\/gerda.pl\\\/de\\\/\",\"logo\":{\"@type\":\"ImageObject\",\"inLanguage\":\"de\",\"@id\":\"https:\\\/\\\/gerda.pl\\\/de\\\/#\\\/schema\\\/logo\\\/image\\\/\",\"url\":\"https:\\\/\\\/gerda.pl\\\/wp-content\\\/uploads\\\/2025\\\/11\\\/Logo-Gerda_GLOBAL_rgb1-scaled.png\",\"contentUrl\":\"https:\\\/\\\/gerda.pl\\\/wp-content\\\/uploads\\\/2025\\\/11\\\/Logo-Gerda_GLOBAL_rgb1-scaled.png\",\"width\":2560,\"height\":699,\"caption\":\"Gerda\"},\"image\":{\"@id\":\"https:\\\/\\\/gerda.pl\\\/de\\\/#\\\/schema\\\/logo\\\/image\\\/\"},\"sameAs\":[\"https:\\\/\\\/www.facebook.com\\\/gerda.zamki.drzwi.bramy\"]}]}<\/script>\n<!-- \/ Yoast SEO plugin. -->","yoast_head_json":{"title":"Drzwi zewn\u0119trzne \u2013 Drzwi wej\u015bciowe do domu | Gerda","description":"\u261e Drzwi zewn\u0119trzne Gerda \u2013 skuteczna ochrona przed w\u0142amaniem. Sprawd\u017a, jak wybra\u0107 odpowiednie drzwi wej\u015bciowe do domu. \u2611 Postaw na profesjonalizm!","robots":{"index":"index","follow":"follow","max-snippet":"max-snippet:-1","max-image-preview":"max-image-preview:large","max-video-preview":"max-video-preview:-1"},"og_locale":"de_DE","og_type":"article","og_title":"Drzwi zewn\u0119trzne \u2013 Drzwi wej\u015bciowe do domu | Gerda","og_description":"\u261e Drzwi zewn\u0119trzne Gerda \u2013 skuteczna ochrona przed w\u0142amaniem. Sprawd\u017a, jak wybra\u0107 odpowiednie drzwi wej\u015bciowe do domu. \u2611 Postaw na profesjonalizm!","og_url":"https:\/\/gerda.pl\/de\/produkt\/turen-zum-haus\/","og_site_name":"Gerda","article_publisher":"https:\/\/www.facebook.com\/gerda.zamki.drzwi.bramy","article_modified_time":"2024-04-08T10:05:17+00:00","og_image":[{"url":"https:\/\/gerda.pl\/wp-content\/uploads\/2019\/02\/Czyste-Powietrze-1.jpg","type":"","width":"","height":""}],"twitter_card":"summary_large_image","twitter_misc":{"Gesch\u00e4tzte Lesezeit":"4\u00a0Minuten"},"schema":{"@context":"https:\/\/schema.org","@graph":[{"@type":"WebPage","@id":"https:\/\/gerda.pl\/de\/produkt\/turen-zum-haus\/","url":"https:\/\/gerda.pl\/de\/produkt\/turen-zum-haus\/","name":"Drzwi zewn\u0119trzne \u2013 Drzwi wej\u015bciowe do domu | Gerda","isPartOf":{"@id":"https:\/\/gerda.pl\/de\/#website"},"datePublished":"2019-02-16T18:10:07+00:00","dateModified":"2024-04-08T10:05:17+00:00","description":"\u261e Drzwi zewn\u0119trzne Gerda \u2013 skuteczna ochrona przed w\u0142amaniem. Sprawd\u017a, jak wybra\u0107 odpowiednie drzwi wej\u015bciowe do domu. \u2611 Postaw na profesjonalizm!","breadcrumb":{"@id":"https:\/\/gerda.pl\/de\/produkt\/turen-zum-haus\/#breadcrumb"},"inLanguage":"de","potentialAction":[{"@type":"ReadAction","target":["https:\/\/gerda.pl\/de\/produkt\/turen-zum-haus\/"]}]},{"@type":"BreadcrumbList","@id":"https:\/\/gerda.pl\/de\/produkt\/turen-zum-haus\/#breadcrumb","itemListElement":[{"@type":"ListItem","position":1,"name":"Heim","item":"https:\/\/gerda.pl\/de\/"},{"@type":"ListItem","position":2,"name":"T\u00fcren zum Haus"}]},{"@type":"WebSite","@id":"https:\/\/gerda.pl\/de\/#website","url":"https:\/\/gerda.pl\/de\/","name":"Gerda","description":"Producent drzwi i zamk\u00f3w do drzwi","publisher":{"@id":"https:\/\/gerda.pl\/de\/#organization"},"potentialAction":[{"@type":"SearchAction","target":{"@type":"EntryPoint","urlTemplate":"https:\/\/gerda.pl\/de\/?s={search_term_string}"},"query-input":{"@type":"PropertyValueSpecification","valueRequired":true,"valueName":"search_term_string"}}],"inLanguage":"de"},{"@type":"Organization","@id":"https:\/\/gerda.pl\/de\/#organization","name":"Gerda","url":"https:\/\/gerda.pl\/de\/","logo":{"@type":"ImageObject","inLanguage":"de","@id":"https:\/\/gerda.pl\/de\/#\/schema\/logo\/image\/","url":"https:\/\/gerda.pl\/wp-content\/uploads\/2025\/11\/Logo-Gerda_GLOBAL_rgb1-scaled.png","contentUrl":"https:\/\/gerda.pl\/wp-content\/uploads\/2025\/11\/Logo-Gerda_GLOBAL_rgb1-scaled.png","width":2560,"height":699,"caption":"Gerda"},"image":{"@id":"https:\/\/gerda.pl\/de\/#\/schema\/logo\/image\/"},"sameAs":["https:\/\/www.facebook.com\/gerda.zamki.drzwi.bramy"]}]}},"_links":{"self":[{"href":"https:\/\/gerda.pl\/de\/wp-json\/wp\/v2\/products\/26063","targetHints":{"allow":["GET"]}}],"collection":[{"href":"https:\/\/gerda.pl\/de\/wp-json\/wp\/v2\/products"}],"about":[{"href":"https:\/\/gerda.pl\/de\/wp-json\/wp\/v2\/types\/products"}],"version-history":[{"count":0,"href":"https:\/\/gerda.pl\/de\/wp-json\/wp\/v2\/products\/26063\/revisions"}],"wp:attachment":[{"href":"https:\/\/gerda.pl\/de\/wp-json\/wp\/v2\/media?parent=26063"}],"curies":[{"name":"wp","href":"https:\/\/api.w.org\/{rel}","templated":true}]}}